{"id":4608,"date":"2021-02-26T16:58:25","date_gmt":"2021-02-26T16:58:25","guid":{"rendered":"https:\/\/jardinpjros.com.ar\/sitio\/?page_id=4608"},"modified":"2021-03-16T12:13:31","modified_gmt":"2021-03-16T12:13:31","slug":"metodologia-de-trabajo","status":"publish","type":"page","link":"https:\/\/jardinpjros.com.ar\/sitio\/metodologia-de-trabajo\/","title":{"rendered":"Metodolog\u00eda de Trabajo"},"content":{"rendered":"<div class=\"wpb-content-wrapper\"><p>[vc_row][vc_column width=\u00bb1\/2\u2033]<div class=\"ult-spacer spacer-69f443dcbb1a8\" data-id=\"69f443dcbb1a8\" data-height=\"50\" data-height-mobile=\"10\" data-height-tab=\"\" data-height-tab-portrait=\"\" data-height-mobile-landscape=\"\" style=\"clear:both;display:block;\"><\/div>[layerslider_vc id=\u00bb1\u2033]<h2>Jardin de Infantes<\/h2>[vc_column_text]Se planificar\u00e1n Secuencias did\u00e1cticas o Itinerarios que impliquen la coherente articulaci\u00f3n de actividades en funci\u00f3n de determinados contenidos, desde la concepci\u00f3n de que todos los conocimientos deben trabajarse en m\u00e1s de una oportunidad para lograr apropiaciones significativas y comprensibles. Propuestas secuenciadas permitir\u00e1n retomarlos, complejizarlos, o reiterarlos, incluyendo o no alguna variaci\u00f3n.<\/p>\n<p>Tambi\u00e9n se sumar\u00e1n actividades \u201ccomplementarias\u201d, \u201cno vinculadas\u201d o \u201cespec\u00edficamente dise\u00f1adas\u201d, es decir aquellas que no est\u00e1n relacionadas a Unidades Did\u00e1cticas (en las que se abordar\u00e1 un recorte de la realidad natural o social).<\/p>\n<p>Adem\u00e1s se planificar\u00e1n las diferentes actividades espec\u00edficas de juego en sectores (construcciones, dramatizaciones, etc.), en la creencia de que esta modalidad de trabajo abre el abanico de posibilidades y enriquece la tarea.<\/p>\n<p>Por \u00faltimo deber\u00e1n delinearse las actividades cotidianas, explicit\u00e1ndolas.<\/p>\n<p>Se enunciar\u00e1 la participaci\u00f3n del docente y la del alumno en cada propuesta.<\/p>\n<p>Adem\u00e1s de las actividades espec\u00edficas de cada Sala planificadas y llevadas a cabo por la docente referente, el Jard\u00edn cuenta con <strong>Taller de M\u00fasica<\/strong> y <strong>Taller de Movimiento<\/strong>.<\/p>\n<p>Cada uno de los mismos est\u00e1 a cargo de profesores especiales, que se hacen presentes una vez por semana en cada Secci\u00f3n con propuestas atractivas, acordes a los intereses de los ni\u00f1os seg\u00fan la edad y dirigidas a su desarrollo integral.[\/vc_column_text][\/vc_column][vc_column width=\u00bb1\/2\u2033][vc_column_text css=\u00bb.vc_custom_1614359138919{margin-bottom: 15px !important;}\u00bb]<\/p>\n<h4>Metodolod\u00eda de Trabajo<\/h4>\n<p>[\/vc_column_text]<h2>Jard\u00edn Maternal<\/h2>[vc_column_text css=\u00bb.vc_custom_1614359093179{margin-bottom: 15px !important;}\u00bb]Se dise\u00f1ar\u00e1n propuestas secuenciadas para el abordaje de los contenidos de los distintos \u00e1mbitos de experiencia.<\/p>\n<p>Las actividades formar\u00e1n parte de Secuencias did\u00e1cticas que impliquen la articulaci\u00f3n coherente de las primeras, en funci\u00f3n de lo que se quiere ense\u00f1ar, evitando improvisaciones, retomando, complejizando, reiterando con o sin variantes lo trabajado, y puntuando estrategias adecuadas.<\/p>\n<p>Se dise\u00f1ar\u00e1 una planificaci\u00f3n que haga la tarea organizada y a la vez flexible, discriminando con claridad las acciones del docente y las del alumno.<\/p>\n<p>Deber\u00e1n sumarse las actividades de cuidado cotidiano (higiene, descanso, alimentaci\u00f3n), oportunidades propicias para trabajar algunos contenidos.<\/p>\n<p>Y por \u00faltimo, las propuestas de juego espont\u00e1neo. Se enunciar\u00e1n y detallar\u00e1n aqu\u00ed escenarios did\u00e1cticos que permitan elecciones entre distintas opciones. \u00c9stos ser\u00e1n presentados en los momentos en los que el docente no est\u00e9 coordinando una propuesta espec\u00edfica.[\/vc_column_text]<div class=\"ult-spacer spacer-69f443dcbb1d7\" data-id=\"69f443dcbb1d7\" data-height=\"120\" data-height-mobile=\"10\" data-height-tab=\"\" data-height-tab-portrait=\"\" data-height-mobile-landscape=\"\" style=\"clear:both;display:block;\"><\/div>[layerslider_vc id=\u00bb3\u2033][\/vc_column][\/vc_row][vc_row][vc_column]<div class=\"ult-spacer spacer-69f443dcbb1e2\" data-id=\"69f443dcbb1e2\" data-height=\"50\" data-height-mobile=\"0\" data-height-tab=\"\" data-height-tab-portrait=\"\" data-height-mobile-landscape=\"0\" style=\"clear:both;display:block;\"><\/div>[\/vc_column][\/vc_row][vc_row][vc_column width=\u00bb1\/2\u2033]<h2>Opiniones de Padres<\/h2><div class='dt-sc-testimonial-wrapper carousel_items type2 ' data-animation='scroll'><ul class=\"dt-sc-testimonial-carousel\"><li><div class='dt-sc-testimonial type2 '><div class=\"dt-sc-testimonial-quote\"><blockquote> <q>Hace muchos a\u00f1os formamos parte de la familia Barrilete\u2026 y en un abrir y cerrar de ojos, el tiempo pas\u00f3 y los recuerdos se hicieron infinitos\u2026. son tantos los momentos compartidos en este entra\u00f1able Jard\u00edn.<\/p>\n<p>Son esos momentos, los que al final del camino, nos hacen sentir que todo vali\u00f3 la pena.<\/q> <\/blockquote><\/div><div class=\"dt-sc-testimonial-author\"><cite>FLORENCIA<small>(mam\u00e1 de Dante O. \u2013 Sala de 3 a\u00f1os 2021)<\/small><div class='rating-review-container'><div class='rating-review'><span class='author-rating rating-3'><\/span><\/div><\/div><\/cite><\/div><\/div><\/li><\/ul><div class=\"carousel-arrows\">\t<a href=\"#\" class=\"testimonial-prev\"> <\/a>\t<a href=\"#\" class=\"testimonial-next\"> <\/a><\/div><\/div>[\/vc_column][vc_column width=\u00bb1\/2\u2033]<h2>*<\/h2><div class='dt-sc-testimonial-wrapper carousel_items type2 ' data-animation='scroll'><ul class=\"dt-sc-testimonial-carousel\"><li><div class='dt-sc-testimonial type2 '><div class=\"dt-sc-testimonial-quote\"><blockquote> <q>Jardin Barrilete, \u00bfqu\u00e9 decir de \u00e9l? \u00bfSintieron alguna vez esa sensaci\u00f3n cuando est\u00e1s en un lugar que te hace acordar a tu casa?\u2026 Bueno, es eso, el jardincito es ese segundo hogar donde nuestros hijos, adem\u00e1s de jugar, aprender y divertirse, est\u00e1n seguros y cuidados por las maravillosas se\u00f1os que estan alli que muchas veces ofician de mam\u00e1s ante alg\u00fan llanto o ca\u00edda que puede ocurrir.<\/q> <\/blockquote><\/div><div class=\"dt-sc-testimonial-author\"><cite> ROC\u00cdO <small>(mam\u00e1 de Teo \u2013 Sala de 3 a\u00f1os 2021)<\/small><div class='rating-review-container'><div class='rating-review'><span class='author-rating rating-3'><\/span><\/div><\/div><\/cite><\/div><\/div><\/li><\/ul><div class=\"carousel-arrows\">\t<a href=\"#\" class=\"testimonial-prev\"> <\/a>\t<a href=\"#\" class=\"testimonial-next\"> <\/a><\/div><\/div>[\/vc_column][\/vc_row]<\/p>\n<\/div>","protected":false},"excerpt":{"rendered":"<p>[vc_row][vc_column width=\u00bb1\/2\u2033][layerslider_vc id=\u00bb1\u2033][vc_column_text]Se planificar\u00e1n Secuencias did\u00e1cticas o Itinerarios que impliquen la coherente articulaci\u00f3n de actividades en funci\u00f3n de determinados contenidos, desde la concepci\u00f3n de que todos los conocimientos deben trabajarse en m\u00e1s de una oportunidad para lograr apropiaciones significativas y comprensibles. Propuestas secuenciadas permitir\u00e1n retomarlos, complejizarlos, o reiterarlos, incluyendo o no alguna variaci\u00f3n. Tambi\u00e9n se [&hellip;]<\/p>\n","protected":false},"author":1,"featured_media":0,"parent":0,"menu_order":0,"comment_status":"open","ping_status":"open","template":"","meta":{"footnotes":""},"class_list":["post-4608","page","type-page","status-publish","hentry"],"_links":{"self":[{"href":"https:\/\/jardinpjros.com.ar\/sitio\/wp-json\/wp\/v2\/pages\/4608","targetHints":{"allow":["GET"]}}],"collection":[{"href":"https:\/\/jardinpjros.com.ar\/sitio\/wp-json\/wp\/v2\/pages"}],"about":[{"href":"https:\/\/jardinpjros.com.ar\/sitio\/wp-json\/wp\/v2\/types\/page"}],"author":[{"embeddable":true,"href":"https:\/\/jardinpjros.com.ar\/sitio\/wp-json\/wp\/v2\/users\/1"}],"replies":[{"embeddable":true,"href":"https:\/\/jardinpjros.com.ar\/sitio\/wp-json\/wp\/v2\/comments?post=4608"}],"version-history":[{"count":13,"href":"https:\/\/jardinpjros.com.ar\/sitio\/wp-json\/wp\/v2\/pages\/4608\/revisions"}],"predecessor-version":[{"id":4880,"href":"https:\/\/jardinpjros.com.ar\/sitio\/wp-json\/wp\/v2\/pages\/4608\/revisions\/4880"}],"wp:attachment":[{"href":"https:\/\/jardinpjros.com.ar\/sitio\/wp-json\/wp\/v2\/media?parent=4608"}],"curies":[{"name":"wp","href":"https:\/\/api.w.org\/{rel}","templated":true}]}}