{"id":73,"date":"2014-12-11T06:21:34","date_gmt":"2014-12-11T06:21:34","guid":{"rendered":"http:\/\/kidslife.dttheme.com\/?page_id=73"},"modified":"2025-03-07T15:46:50","modified_gmt":"2025-03-07T15:46:50","slug":"el-jardin","status":"publish","type":"page","link":"https:\/\/jardinpjros.com.ar\/sitio\/el-jardin\/","title":{"rendered":"El Jardin"},"content":{"rendered":"<div class=\"wpb-content-wrapper\"><p>[vc_row][vc_column width=\u00bb1\/2\u2033][vc_empty_space height=\u00bb45px\u00bb][layerslider_vc id=\u00bb1\u2033][vc_row_inner][vc_column_inner width=\u00bb1\/2\u2033]<a class='dt-sc-colored-big-buttons with-left-icon  border-number pink' target='_self' title='' href='\/jardin\/instalaciones\/'>  Instalaciones <br> <strong><\/strong> <\/a><div class=\"ult-spacer spacer-69f4439951f31\" data-id=\"69f4439951f31\" data-height=\"0\" data-height-mobile=\"20\" data-height-tab=\"0\" data-height-tab-portrait=\"0\" data-height-mobile-landscape=\"20\" style=\"clear:both;display:block;\"><\/div>[\/vc_column_inner][vc_column_inner width=\u00bb1\/2\u2033]<a class='dt-sc-colored-big-buttons with-left-icon  border-number orange' target='_self' title='' href='\/jardin\/salas\/'>  Salas <br> <strong><\/strong> <\/a><div class=\"ult-spacer spacer-69f4439951f60\" data-id=\"69f4439951f60\" data-height=\"0\" data-height-mobile=\"20\" data-height-tab=\"0\" data-height-tab-portrait=\"0\" data-height-mobile-landscape=\"20\" style=\"clear:both;display:block;\"><\/div>[\/vc_column_inner][\/vc_row_inner][vc_column_text][\/vc_column_text][\/vc_column][vc_column width=\u00bb1\/2\u2033]<h2>Historia<\/h2>[vc_column_text css=\u00bb.vc_custom_1614691625062{margin-bottom: 15px !important;}\u00bb]La historia del Jard\u00edn se remonta a muchos a\u00f1os atr\u00e1s, cuando un grupo de trabajadores pertenecientes al Gremio, viendo la necesidad que se les presentaba a muchos agentes judiciales, comenzaron a realizar gestiones para crear un Jard\u00edn Maternal.<\/p>\n<p>Al principio eran pocos los alumnos, ya que las actividades se iniciaron transcurrida la mitad de un ciclo escolar. A esa altura del a\u00f1o muchos ten\u00edan resuelta de otro modo la permanencia de los ni\u00f1os durante la jornada laboral.<\/p>\n<p>A partir de entonces el Jard\u00edn comenz\u00f3 a crecer increment\u00e1ndose a\u00f1o a a\u00f1o la matr\u00edcula.<\/p>\n<p>En su inicio, la instituci\u00f3n s\u00f3lo portaba su identificaci\u00f3n formal: \u201cJard\u00edn Materno Infantil del Poder Judicial\u201d, por lo que se crey\u00f3 importante pensar en un nombre que fuera significativo para los m\u00e1s peque\u00f1os; fue entonces que surgi\u00f3 \u201cBarrilete\u201d.<\/p>\n<p>As\u00ed fue que, el 1 de agosto de 1990, el Jard\u00edn Maternal dependiente del Poder Judicial, abri\u00f3 sus puertas a los hijos de los trabajadores judiciales.<\/p>\n<p>Los preceptos legales a partir de los cuales se funda este Jard\u00edn se encuentran en la Ley 9525 de Creaci\u00f3n de Jardines Maternales para el personal del Poder Judicial. La misma fue establecida por Acordada de la Excma. Corte Suprema de Justicia de la Pcia. de Santa Fe y publicada en el Bolet\u00edn Oficial el 3 de diciembre de 1984.[\/vc_column_text][\/vc_column][\/vc_row][vc_row][vc_column]<div class=\"ult-spacer spacer-69f4439951f7d\" data-id=\"69f4439951f7d\" data-height=\"50\" data-height-mobile=\"0\" data-height-tab=\"\" data-height-tab-portrait=\"\" data-height-mobile-landscape=\"0\" style=\"clear:both;display:block;\"><\/div>[\/vc_column][\/vc_row][vc_row][vc_column width=\u00bb1\/2\u2033]<h2>Opiniones de Padres<\/h2><div class='dt-sc-testimonial-wrapper carousel_items type2 ' data-animation='scroll'><ul class=\"dt-sc-testimonial-carousel\"><li><div class='dt-sc-testimonial type2 '><div class=\"dt-sc-testimonial-quote\"><blockquote> <q>Hace muchos a\u00f1os formamos parte de la familia Barrilete\u2026 y en un abrir y cerrar de ojos, el tiempo pas\u00f3 y los recuerdos se hicieron infinitos\u2026. son tantos los momentos compartidos en este entra\u00f1able Jard\u00edn.<\/p>\n<p>Son esos momentos, los que al final del camino, nos hacen sentir que todo vali\u00f3 la pena.<\/q> <\/blockquote><\/div><div class=\"dt-sc-testimonial-author\"><cite>FLORENCIA<small>(mam\u00e1 de Dante O. \u2013 Sala de 3 a\u00f1os 2021)<\/small><div class='rating-review-container'><div class='rating-review'><span class='author-rating rating-5'><\/span><\/div><\/div><\/cite><\/div><\/div><\/li><\/ul><div class=\"carousel-arrows\">\t<a href=\"#\" class=\"testimonial-prev\"> <\/a>\t<a href=\"#\" class=\"testimonial-next\"> <\/a><\/div><\/div>[\/vc_column][vc_column width=\u00bb1\/2\u2033]<h2>*<\/h2><div class='dt-sc-testimonial-wrapper carousel_items type2 ' data-animation='scroll'><ul class=\"dt-sc-testimonial-carousel\"><li><div class='dt-sc-testimonial type2 '><div class=\"dt-sc-testimonial-quote\"><blockquote> <q>Jardin Barrilete, \u00bfqu\u00e9 decir de \u00e9l? \u00bfSintieron alguna vez esa sensaci\u00f3n cuando est\u00e1s en un lugar que te hace acordar a tu casa?\u2026 Bueno, es eso, el jardincito es ese segundo hogar donde nuestros hijos, adem\u00e1s de jugar, aprender y divertirse, est\u00e1n seguros y cuidados por las maravillosas se\u00f1os que estan alli que muchas veces ofician de mam\u00e1s ante alg\u00fan llanto o ca\u00edda que puede ocurrir.<\/q> <\/blockquote><\/div><div class=\"dt-sc-testimonial-author\"><cite>ROC\u00cdO<small>(mam\u00e1 de Teo \u2013 Sala de 3 a\u00f1os 2021)<\/small><div class='rating-review-container'><div class='rating-review'><span class='author-rating rating-5'><\/span><\/div><\/div><\/cite><\/div><\/div><\/li><\/ul><div class=\"carousel-arrows\">\t<a href=\"#\" class=\"testimonial-prev\"> <\/a>\t<a href=\"#\" class=\"testimonial-next\"> <\/a><\/div><\/div>[\/vc_column][\/vc_row]<\/p>\n<\/div>","protected":false},"excerpt":{"rendered":"<p>[vc_row][vc_column width=\u00bb1\/2\u2033][vc_empty_space height=\u00bb45px\u00bb][layerslider_vc id=\u00bb1\u2033][vc_row_inner][vc_column_inner width=\u00bb1\/2\u2033][\/vc_column_inner][vc_column_inner width=\u00bb1\/2\u2033][\/vc_column_inner][\/vc_row_inner][vc_column_text][\/vc_column_text][\/vc_column][vc_column width=\u00bb1\/2\u2033][vc_column_text css=\u00bb.vc_custom_1614691625062{margin-bottom: 15px !important;}\u00bb]La historia del Jard\u00edn se remonta a muchos a\u00f1os atr\u00e1s, cuando un grupo de trabajadores pertenecientes al Gremio, viendo la necesidad que se les presentaba a muchos agentes judiciales, comenzaron a realizar gestiones para crear un Jard\u00edn Maternal. Al principio eran pocos los alumnos, ya que [&hellip;]<\/p>\n","protected":false},"author":1,"featured_media":0,"parent":0,"menu_order":0,"comment_status":"open","ping_status":"open","template":"","meta":{"footnotes":""},"class_list":["post-73","page","type-page","status-publish","hentry"],"_links":{"self":[{"href":"https:\/\/jardinpjros.com.ar\/sitio\/wp-json\/wp\/v2\/pages\/73","targetHints":{"allow":["GET"]}}],"collection":[{"href":"https:\/\/jardinpjros.com.ar\/sitio\/wp-json\/wp\/v2\/pages"}],"about":[{"href":"https:\/\/jardinpjros.com.ar\/sitio\/wp-json\/wp\/v2\/types\/page"}],"author":[{"embeddable":true,"href":"https:\/\/jardinpjros.com.ar\/sitio\/wp-json\/wp\/v2\/users\/1"}],"replies":[{"embeddable":true,"href":"https:\/\/jardinpjros.com.ar\/sitio\/wp-json\/wp\/v2\/comments?post=73"}],"version-history":[{"count":58,"href":"https:\/\/jardinpjros.com.ar\/sitio\/wp-json\/wp\/v2\/pages\/73\/revisions"}],"predecessor-version":[{"id":10499,"href":"https:\/\/jardinpjros.com.ar\/sitio\/wp-json\/wp\/v2\/pages\/73\/revisions\/10499"}],"wp:attachment":[{"href":"https:\/\/jardinpjros.com.ar\/sitio\/wp-json\/wp\/v2\/media?parent=73"}],"curies":[{"name":"wp","href":"https:\/\/api.w.org\/{rel}","templated":true}]}}