{"id":74,"date":"2014-12-11T06:22:42","date_gmt":"2014-12-11T06:22:42","guid":{"rendered":"http:\/\/kidslife.dttheme.com\/?page_id=74"},"modified":"2021-03-02T14:42:01","modified_gmt":"2021-03-02T14:42:01","slug":"salas","status":"publish","type":"page","link":"https:\/\/jardinpjros.com.ar\/sitio\/salas\/","title":{"rendered":"Salas"},"content":{"rendered":"<div class=\"wpb-content-wrapper\"><p>[vc_row el_class=\u00bbnegative-margin\u00bb][vc_column width=\u00bb1\/3\u2033][vc_single_image image=\u00bb4697\u2033 img_size=\u00bbfull\u00bb add_caption=\u00bbyes\u00bb alignment=\u00bbcenter\u00bb title=\u00bbActividades en Patio\u00bb][vc_column_text]<\/p>\n<ul>\n<li>Espacio al aire libre con estructuras pl\u00e1sticas, calesitas, toboganes, t\u00fanel de gateo, etc.<\/li>\n<\/ul>\n<p>[\/vc_column_text][\/vc_column][vc_column width=\u00bb1\/3\u2033][vc_single_image image=\u00bb4789\u2033 img_size=\u00bbfull\u00bb add_caption=\u00bbyes\u00bb alignment=\u00bbcenter\u00bb title=\u00bbActividades Grupales\u00bb][vc_column_text]<\/p>\n<ul>\n<li>Integraci\u00f3n de ni\u00f1os a su grupo de pertenencia.<\/li>\n<\/ul>\n<p>[\/vc_column_text][\/vc_column][vc_column width=\u00bb1\/3\u2033][vc_single_image image=\u00bb4710\u2033 img_size=\u00bbfull\u00bb add_caption=\u00bbyes\u00bb alignment=\u00bbcenter\u00bb title=\u00bbEspacios Did\u00e1cticos\u00bb][vc_column_text]<\/p>\n<ul>\n<li>Apreciaci\u00f3n de textos literarios en situaciones de lectura o narraci\u00f3n. Diferenciaci\u00f3n entre escritura y dibujo.<\/li>\n<\/ul>\n<p>[\/vc_column_text][\/vc_column][\/vc_row][vc_row][vc_column width=\u00bb2\/3\u2033]<h2 class=\"separator-img\">Prop\u00f3sitos<\/h2><div class='dt-sc-tabs-horizontal-frame-container type5 rounded-bg' data-effect='fade'><ul class='dt-sc-tabs-horizontal-frame'><li><a href=\"javascript:void(0);\">Sala de lactantes y gateadores<\/a><\/li><li><a href=\"javascript:void(0);\">Deambuladores<\/a><\/li><li><a href=\"javascript:void(0);\">Sala de 2 a\u00f1os<\/a><\/li><li><a href=\"javascript:void(0);\">Sala de 3 a\u00f1os<\/a><\/li><\/ul><div class='dt-sc-tabs-horizontal-frame-content'>[vc_column_text]. Brindar un clima de contenci\u00f3n afectiva que posibilite el establecimiento de v\u00ednculos de confianza y seguridad en el \u00e1mbito escolar.<\/p>\n<p>. Organizar la actividad educativa respetando las necesidades b\u00e1sicas de afecto, cuidado y juego, en un ambiente que, al mismo tiempo que brinda protecci\u00f3n, estimula la exploraci\u00f3n aut\u00f3noma.<\/p>\n<p>. Ofrecer oportunidades de aprendizaje vinculados con los aspectos motrices, cognitivos, sociales, expresivos y afectivos.<\/p>\n<p>. Favorecer la progresiva construcci\u00f3n de la identidad de los ni\u00f1os.<\/p>\n<p>. Alentar la comunicaci\u00f3n con las familias a fin de compartir pautas y criterios en relaci\u00f3n con la formaci\u00f3n de los ni\u00f1os propiciando al mismo tiempo, una participaci\u00f3n activa en lo escolar.[\/vc_column_text]<\/div><div class='dt-sc-tabs-horizontal-frame-content'>[vc_column_text]. Brindar un clima de contenci\u00f3n afectiva que posibilite el establecimiento de v\u00ednculos de confianza y seguridad en el \u00e1mbito escolar.<\/p>\n<p>. Organizar la actividad educativa respetando las necesidades b\u00e1sicas de afecto, cuidado y juego, en un ambiente que, al mismo tiempo que brinda protecci\u00f3n, estimula la exploraci\u00f3n aut\u00f3noma.<\/p>\n<p>. Ofrecer oportunidades de aprendizaje vinculados con los aspectos motrices, cognitivos, sociales, expresivos y afectivos.<\/p>\n<p>. Favorecer la progresiva construcci\u00f3n de la identidad de los ni\u00f1os.<\/p>\n<p>. Alentar la comunicaci\u00f3n con las familias a fin de compartir pautas y criterios en relaci\u00f3n con la formaci\u00f3n de los ni\u00f1os propiciando al mismo tiempo, una participaci\u00f3n activa en lo escolar.<\/p>\n<p>. Favorecer la progresiva construcci\u00f3n de la identidad de los ni\u00f1os integrando sus culturas en la tarea educativa, valorando sus lenguajes y sus historias personales.[\/vc_column_text]<\/div><div class='dt-sc-tabs-horizontal-frame-content'>[vc_column_text]. Generar un clima de afecto y confianza que propicie la construcci\u00f3n de la identidad de los ni\u00f1os en un marco de convivencia.<\/p>\n<p>. Favorecer el desarrollo de la capacidad de juego.<\/p>\n<p>. Promover la exploraci\u00f3n del ambiente para que los ni\u00f1os ampl\u00eden su campo de experiencias.<\/p>\n<p>. Favorecer la adquisici\u00f3n de la lengua oral en variadas situaciones comunicativas.<\/p>\n<p>. Proveer situaciones a trav\u00e9s de las cuales los ni\u00f1os tomen contacto con los diferentes lenguajes explor\u00e1ndolos, apreci\u00e1ndolos y expres\u00e1ndose.<\/p>\n<p>. Ofrecer ricas experiencias de actividad corporal favoreciendo la progresiva adquisici\u00f3n de las destrezas b\u00e1sicas.<\/p>\n<p>. Favorecer la comunicaci\u00f3n con las familias para acordar criterios en relaci\u00f3n a la formaci\u00f3n de los ni\u00f1os y propiciar la participaci\u00f3n activa de las mismas en la vida escolar.[\/vc_column_text]<\/div><div class='dt-sc-tabs-horizontal-frame-content'>[vc_column_text]. Generar un clima de afecto que propicie la construcci\u00f3n de la identidad de los ni\u00f1os en un marco de convivencia.<\/p>\n<p>. Favorecer instancias en las cuales los alumnos puedan enriquecer su capacidad de juego.<\/p>\n<p>. Propiciar la indagaci\u00f3n del ambiente para que los ni\u00f1os organicen y enriquezcan sus conocimientos, de contextos cotidianos y otros menos conocidos.<\/p>\n<p>. Brindar oportunidades para acceder a diversas producciones culturales: m\u00fasica, danza, pintura, literatura, teatro, etc.<\/p>\n<p>. Ofrecer situaciones de intercambios orales, lectura y producci\u00f3n de textos, donde los ni\u00f1os descubran el sentido de la palabra, de escuchar al otro y de leer y escribir.<\/p>\n<p>. Promover situaciones para que los ni\u00f1os exploren, observen, busquen informaci\u00f3n a trav\u00e9s de distintas fuentes.<\/p>\n<p>. Brindar oportunidades para el enriquecimiento de las habilidades motoras b\u00e1sicas.<\/p>\n<p>. Favorecer la comunicaci\u00f3n con las familias para acordar criterios en relaci\u00f3n a la formaci\u00f3n de los ni\u00f1os y propiciar la participaci\u00f3n activa de las mismas en la vida escolar.[\/vc_column_text]<\/div><\/div>[\/vc_column][vc_column width=\u00bb1\/3\u2033]<div class=\"ult-spacer spacer-69f459f4919df\" data-id=\"69f459f4919df\" data-height=\"130\" data-height-mobile=\"30\" data-height-tab=\"\" data-height-tab-portrait=\"\" data-height-mobile-landscape=\"30\" style=\"clear:both;display:block;\"><\/div><h2>Jardin<\/h2>[vc_column_text css=\u00bb.vc_custom_1614695683858{margin-bottom: 20px !important;}\u00bb]<\/p>\n<div>Estamos en un \u00e1rea protegida para emergencias, donde adem\u00e1s contamos con espacios exclusivos, adaptados con las condiciones apropiadas para cada una de las edades.<\/div>\n<div><\/div>\n<div>Tambi\u00e9n disponemos de zonas amplias para que los ni\u00f1os jueguen e interact\u00faen.<\/div>\n<p>[\/vc_column_text][\/vc_column][vc_column]<div class=\"ult-spacer spacer-69f459f491a05\" data-id=\"69f459f491a05\" data-height=\"60\" data-height-mobile=\"30\" data-height-tab=\"\" data-height-tab-portrait=\"\" data-height-mobile-landscape=\"30\" style=\"clear:both;display:block;\"><\/div>[\/vc_column][\/vc_row][vc_row][vc_column width=\u00bb1\/4\u2033]<h2>Actividades<\/h2>[vc_column_text css=\u00bb.vc_custom_1614694068849{margin-bottom: 20px !important;}\u00bb]Educamos a los ni\u00f1os por medio de talleres, proyectos, miniproyectos y actividades en general como: clases de m\u00fasica, expresi\u00f3n corporal, pintura y mucho m\u00e1s.<\/p>\n<p>Contamos con docentes profesionales y altamente calificados para trabajar con ni\u00f1os de todas las edades.<\/p>\n<p>Recibimos a peque\u00f1os desde los 45 d\u00edas hasta los 3 a\u00f1os de edad. Nos distinguimos por nuestros principios de responsabilidad, calidez y profesionalismo.<\/p>\n<p>Conf\u00ede en nuestro profesionalismo, estamos en Rosario. Lo esperamos.[\/vc_column_text][\/vc_column][vc_column width=\u00bb3\/4\u2033]<div class='dt-sc-tabs-horizontal-frame-container type5 rounded-bg' data-effect='fade'><ul class='dt-sc-tabs-horizontal-frame'><li><a href=\"javascript:void(0);\">Sala de lactantes y gateadores<\/a><\/li><li><a href=\"javascript:void(0);\">Deambuladores<\/a><\/li><li><a href=\"javascript:void(0);\">Sala de 2 a\u00f1os<\/a><\/li><li><a href=\"javascript:void(0);\">Sala de 3 a\u00f1os<\/a><\/li><\/ul><div class='dt-sc-tabs-horizontal-frame-content'>[vc_column_text css=\u00bb.vc_custom_1614693461862{margin-bottom: 20px !important;}\u00bb]<strong>Experiencias para la construcci\u00f3n de la identidad y la interacci\u00f3n con los otros<\/strong>:<\/p>\n<p><strong>\u2013\u00a0<\/strong>comunicaci\u00f3n afectiva diferenciada con los otros ni\u00f1os y adultos.<\/p>\n<p>\u2013 incorporaci\u00f3n progresiva al ritmo cotidiano del Jard\u00edn.<\/p>\n<p>\u2013 autonom\u00eda relativa en diferentes actividades.<\/p>\n<p>\u2013 progresiva discriminaci\u00f3n corporal.<\/p>\n<p><strong>Experiencias para la expresi\u00f3n y la comunicaci\u00f3n<\/strong>:<\/p>\n<p>\u2013 expresi\u00f3n gestual.<\/p>\n<p>\u2013 comunicaci\u00f3n: expresi\u00f3n de necesidades y sensaciones.<\/p>\n<p>\u2013 comunicaci\u00f3n sonora y musical.<\/p>\n<p><strong>Experiencias para la exploraci\u00f3n del entorno<\/strong>:<\/p>\n<p>\u2013 paulatino control postural.<\/p>\n<p>\u2013 manipulaci\u00f3n intencional de objetos.<\/p>\n<p>\u2013 conocimiento del espacio de acci\u00f3n.<\/p>\n<p>\u2013 reconocimiento paulatino de secuencias temporales y causales a nivel de la acci\u00f3n.[\/vc_column_text]<\/div><div class='dt-sc-tabs-horizontal-frame-content'>[vc_column_text css=\u00bb.vc_custom_1614693496150{margin-bottom: 20px !important;}\u00bb]<strong>Experiencias para la construcci\u00f3n de la identidad y la interacci\u00f3n con los otros<\/strong>:<\/p>\n<p>\u2013 relaci\u00f3n afectiva con los pares y con los adultos.<\/p>\n<p>\u2013\u00a0 integraci\u00f3n a su grupo de pertenencia.<\/p>\n<p>\u2013 discriminaci\u00f3n corporal.<\/p>\n<p>\u2013 cooperaci\u00f3n en la realizaci\u00f3n de algunas actividades cotidianas simples.<\/p>\n<p>\u2013 iniciaci\u00f3n en las pr\u00e1cticas higi\u00e9nicas.<\/p>\n<p>\u2013 autonom\u00eda en la realizaci\u00f3n de actividades de rutina y l\u00fadicas.<\/p>\n<p><strong>Experiencias para la expresi\u00f3n y la comunicaci\u00f3n<\/strong>:<\/p>\n<p>\u2013 comunicaci\u00f3n verbal: comprensi\u00f3n y expresi\u00f3n.<\/p>\n<p>\u2013 expresi\u00f3n y comunicaci\u00f3n no verbal.<\/p>\n<p>\u2013 comunicaci\u00f3n sonora y musical: audici\u00f3n y producci\u00f3n musical y sonora.<\/p>\n<p><strong>Experiencias para la exploraci\u00f3n del entorno<\/strong>:<\/p>\n<p>\u2013 control y equilibrio postural.<\/p>\n<p>\u2013 diferenciaci\u00f3n y coordinaci\u00f3n manual.<\/p>\n<p>\u2013 estructuraci\u00f3n del espacio de acci\u00f3n.<\/p>\n<p>\u2013 organizaci\u00f3n de secuencias temporales y causales a nivel de la acci\u00f3n.<\/p>\n<p>\u2013 exploraci\u00f3n pl\u00e1stica[\/vc_column_text]<\/div><div class='dt-sc-tabs-horizontal-frame-content'>[vc_column_text css=\u00bb.vc_custom_1614693530329{margin-bottom: 20px !important;}\u00bb]<strong>Experiencias para la construcci\u00f3n de la identidad y la convivencia con los otros<\/strong>:<\/p>\n<p>\u2013 integraci\u00f3n y pertenencia al grupo de pares.<\/p>\n<p>\u2013 progresiva adquisici\u00f3n de algunas pautas, normas y actitudes.<\/p>\n<p>\u2013 progresiva adquisici\u00f3n y afianzamiento de algunas pr\u00e1cticas higi\u00e9nicas.<\/p>\n<p>\u2013 enriquecimiento del juego.<\/p>\n<p><strong>Experiencias para el desarrollo corporal:<\/strong><\/p>\n<p>\u2013 afianzamiento de habilidades motoras b\u00e1sicas y adquisici\u00f3n de otras nuevas.<\/p>\n<p>\u2013 coordinaciones manipulativas.<\/p>\n<p>\u2013 relaci\u00f3n con el propio cuerpo.<\/p>\n<p><strong>Experiencias para comenzar a indagar el ambiente<\/strong>:<\/p>\n<p>\u2013 exploraci\u00f3n de las caracter\u00edsticas de los objetos y de las acciones que las personas realizan con \u00e9stos.<\/p>\n<p>\u2013 iniciaci\u00f3n en la representaci\u00f3n del espacio a trav\u00e9s de su exploraci\u00f3n.<\/p>\n<p>\u2013 aproximaci\u00f3n a algunos aspectos significativos de sus historias personales y familiares.<\/p>\n<p>\u2013 indagaci\u00f3n de algunas caracter\u00edsticas de los animales y las plantas.<\/p>\n<p><strong>Experiencias para la expresi\u00f3n y la comunicaci\u00f3n<\/strong>:<\/p>\n<p>\u2013 comunicaci\u00f3n verbal: comprensi\u00f3n\u00a0 y expresi\u00f3n verbal.<\/p>\n<p>\u2013 escucha de cuentos, relatos y poes\u00edas.<\/p>\n<p>\u2013\u00a0 juego con t\u00edteres.<\/p>\n<p>\u2013 comunicaci\u00f3n sonora y musical: audici\u00f3n y producci\u00f3n musical y sonora.<\/p>\n<p>\u2013\u00a0 exploraci\u00f3n de los movimientos del cuerpo y del espacio disponible en un contexto musical.<\/p>\n<p>\u2013\u00a0 exploraci\u00f3n de herramientas y materiales para la expresi\u00f3n pl\u00e1stica.<\/p>\n<p>\u2013\u00a0 producci\u00f3n gr\u00e1fico \u2013 pl\u00e1stica (exploraci\u00f3n de la bi y tridimensionalidad).<\/p>\n<p>\u2013\u00a0 construcciones.[\/vc_column_text]<\/div><div class='dt-sc-tabs-horizontal-frame-content'>[vc_column_text css=\u00bb.vc_custom_1614693576749{margin-bottom: 20px !important;}\u00bb]<strong>Experiencias para la construcci\u00f3n de la identidad y la convivencia con los otros<\/strong>:<\/p>\n<ul>\n<li>integraci\u00f3n y pertenencia al grupo de pares.<\/li>\n<\/ul>\n<p>\u2013 progresiva adquisici\u00f3n de algunas pautas, normas y actitudes<\/p>\n<p>\u2013 progresiva adquisici\u00f3n y afianzamiento de algunas pr\u00e1cticas higi\u00e9nicas.\u00a0\u00a0\u00a0\u00a0\u00a0\u00a0\u00a0\u00a0\u00a0\u00a0\u00a0\u00a0\u00a0\u00a0\u00a0\u00a0\u00a0\u00a0\u00a0\u00a0\u00a0\u00a0\u00a0\u00a0\u00a0\u00a0\u00a0\u00a0\u00a0\u00a0\u00a0\u00a0\u00a0\u00a0\u00a0\u00a0 \u2013 enriquecimiento del juego.<\/p>\n<p><strong>Experiencias para el desarrollo corporal:<\/strong><\/p>\n<p>\u2013 afianzamiento de habilidades motoras b\u00e1sicas y adquisici\u00f3n de otras nuevas.\u00a0\u00a0\u00a0\u00a0\u00a0\u00a0\u00a0\u00a0\u00a0\u00a0\u00a0\u00a0\u00a0\u00a0\u00a0\u00a0\u00a0\u00a0\u00a0\u00a0\u00a0\u00a0\u00a0\u00a0\u00a0\u00a0\u00a0\u00a0\u00a0 \u2013 coordinaciones manipulativas.<\/p>\n<p>\u2013 relaci\u00f3n con el propio cuerpo.<\/p>\n<p><strong>Experiencias para comenzar a indagar el ambiente<\/strong>:<\/p>\n<p>\u2013 exploraci\u00f3n de las caracter\u00edsticas de los objetos y de las acciones y usos que las personas hacen de \u00e9stos.<\/p>\n<p>\u2013 indagaci\u00f3n de las funciones que cumplen algunas instituciones y de algunos de los trabajos que realizan las personas.<\/p>\n<p>\u2013 indagaci\u00f3n de caracter\u00edsticas de los animales y las plantas.<\/p>\n<p>-indagaci\u00f3n de diferentes contextos de uso de los n\u00fameros.<\/p>\n<p><strong>Experiencias para la expresi\u00f3n y la comunicaci\u00f3n<\/strong>:<\/p>\n<p>\u2013 hablar, escuchar, conversar.<\/p>\n<p>\u2013 escucha de cuentos y relatos.<\/p>\n<p>\u2013 escucha de poes\u00edas.<\/p>\n<p>\u2013 apreciaci\u00f3n de textos literarios en situaciones de lectura o narraci\u00f3n.<\/p>\n<p>\u2013 diferenciaci\u00f3n entre escritura y dibujo.<\/p>\n<p>\u2013 juego con t\u00edteres.<\/p>\n<p>-dramatizaciones.<\/p>\n<p>\u2013 bailar.<\/p>\n<p>\u2013 exploraci\u00f3n de los movimientos del cuerpo.<\/p>\n<p>\u2013 exploraci\u00f3n del espacio disponible.<\/p>\n<p>\u2013 dibujar, pintar, modelar, construir.<\/p>\n<p>\u2013 modelado.<\/p>\n<p>\u2013 construcciones[\/vc_column_text]<\/div><\/div>[\/vc_column][vc_column]<div class=\"ult-spacer spacer-69f459f491b16\" data-id=\"69f459f491b16\" data-height=\"40\" data-height-mobile=\"10\" data-height-tab=\"\" data-height-tab-portrait=\"\" data-height-mobile-landscape=\"\" style=\"clear:both;display:block;\"><\/div>[\/vc_column][\/vc_row]<\/p>\n<\/div>","protected":false},"excerpt":{"rendered":"<p>[vc_row el_class=\u00bbnegative-margin\u00bb][vc_column width=\u00bb1\/3\u2033][vc_single_image image=\u00bb4697\u2033 img_size=\u00bbfull\u00bb add_caption=\u00bbyes\u00bb alignment=\u00bbcenter\u00bb title=\u00bbActividades en Patio\u00bb][vc_column_text] Espacio al aire libre con estructuras pl\u00e1sticas, calesitas, toboganes, t\u00fanel de gateo, etc. [\/vc_column_text][\/vc_column][vc_column width=\u00bb1\/3\u2033][vc_single_image image=\u00bb4789\u2033 img_size=\u00bbfull\u00bb add_caption=\u00bbyes\u00bb alignment=\u00bbcenter\u00bb title=\u00bbActividades Grupales\u00bb][vc_column_text] Integraci\u00f3n de ni\u00f1os a su grupo de pertenencia. [\/vc_column_text][\/vc_column][vc_column width=\u00bb1\/3\u2033][vc_single_image image=\u00bb4710\u2033 img_size=\u00bbfull\u00bb add_caption=\u00bbyes\u00bb alignment=\u00bbcenter\u00bb title=\u00bbEspacios Did\u00e1cticos\u00bb][vc_column_text] Apreciaci\u00f3n de textos literarios en situaciones de lectura [&hellip;]<\/p>\n","protected":false},"author":1,"featured_media":0,"parent":0,"menu_order":0,"comment_status":"open","ping_status":"open","template":"","meta":{"footnotes":""},"class_list":["post-74","page","type-page","status-publish","hentry"],"_links":{"self":[{"href":"https:\/\/jardinpjros.com.ar\/sitio\/wp-json\/wp\/v2\/pages\/74","targetHints":{"allow":["GET"]}}],"collection":[{"href":"https:\/\/jardinpjros.com.ar\/sitio\/wp-json\/wp\/v2\/pages"}],"about":[{"href":"https:\/\/jardinpjros.com.ar\/sitio\/wp-json\/wp\/v2\/types\/page"}],"author":[{"embeddable":true,"href":"https:\/\/jardinpjros.com.ar\/sitio\/wp-json\/wp\/v2\/users\/1"}],"replies":[{"embeddable":true,"href":"https:\/\/jardinpjros.com.ar\/sitio\/wp-json\/wp\/v2\/comments?post=74"}],"version-history":[{"count":76,"href":"https:\/\/jardinpjros.com.ar\/sitio\/wp-json\/wp\/v2\/pages\/74\/revisions"}],"predecessor-version":[{"id":4618,"href":"https:\/\/jardinpjros.com.ar\/sitio\/wp-json\/wp\/v2\/pages\/74\/revisions\/4618"}],"wp:attachment":[{"href":"https:\/\/jardinpjros.com.ar\/sitio\/wp-json\/wp\/v2\/media?parent=74"}],"curies":[{"name":"wp","href":"https:\/\/api.w.org\/{rel}","templated":true}]}}